{"id":20,"date":"2012-10-25T19:20:58","date_gmt":"2012-10-25T17:20:58","guid":{"rendered":"http:\/\/www.infosadowne.boo.pl\/?page_id=20"},"modified":"2019-10-02T12:11:07","modified_gmt":"2019-10-02T10:11:07","slug":"linki","status":"publish","type":"page","link":"http:\/\/info.sadowne.pl\/?page_id=20","title":{"rendered":"Linki"},"content":{"rendered":"<ul>\n<li><a href=\"http:\/\/www.sadowne.pl\/\" target=\"_blank\" rel=\"noopener noreferrer\">Urz\u0105d Gminy<\/a><\/li>\n<li><a href=\"http:\/\/gok.sadowne.pl\/\" target=\"_blank\" rel=\"noopener noreferrer\">Gminny O\u015brodek Kultury<\/a><\/li>\n<li><a href=\"http:\/\/www.gbpsadowne.pl\/\" target=\"_blank\" rel=\"noopener noreferrer\">Gminna Biblioteka Publiczna<\/a><\/li>\n<li><a href=\"http:\/\/zgksadowne.pl\/\" target=\"_blank\" rel=\"noopener noreferrer\">Zak\u0142ad Gospodarki Komunalnej<\/a><\/li>\n<li><a href=\"http:\/\/www.liceumsadowne.pl\/\" target=\"_blank\" rel=\"noopener noreferrer\">Zesp\u00f3\u0142 Szk\u00f3\u0142 Ponadpodstawowych<\/a><\/li>\n<li><span style=\"color: #000000;\"><a style=\"color: #000000;\" href=\"http:\/\/spsadowne.pl\/\" target=\"_blank\" rel=\"noopener noreferrer\">Szko\u0142a Podstawowa im.\u00a0b\u0142. ks. E. Grzyma\u0142y<\/a><\/span><\/li>\n<li><a href=\"http:\/\/zspgrabiny.pl\/\" target=\"_blank\" rel=\"noopener noreferrer\">Zesp\u00f3\u0142 Szkolno &#8211; Przedszkolny w Grabinach<\/a><\/li>\n<li><a href=\"http:\/\/www.spkolodziaz.szkolnastrona.pl\" target=\"_blank\" rel=\"noopener noreferrer\">Niepubliczna Szko\u0142a Podstawowa w Ko\u0142odzi\u0105\u017cu<\/a><\/li>\n<li><a href=\"http:\/\/www.sporzelek.szkolnastrona.pl\/\" target=\"_blank\" rel=\"noopener noreferrer\">Niepubliczna Szko\u0142a Podstawowa w Orze\u0142ku<\/a><\/li>\n<li><a href=\"https:\/\/drohiczynska.pl\/parafie\/sadowne-parafia-sw-jana-chrzciciela\/\" target=\"_blank\" rel=\"noopener noreferrer\">Parafia pw. \u015aw. Jana Chrzciciela<\/a><\/li>\n<li><a href=\"http:\/\/wichersadowne.futbolowo.pl\/\" target=\"_blank\" rel=\"noopener noreferrer\">&#8222;Wicher&#8221; Sadowne<\/a><\/li>\n<li><a href=\"http:\/\/www.pzw.org.pl\/sadowne\/\" target=\"_blank\" rel=\"noopener noreferrer\">Ko\u0142o nr 27 PZW<\/a><\/li>\n<li><a href=\"http:\/\/sadowne.osp.org.pl\/\" target=\"_blank\" rel=\"noopener noreferrer\">Ochotnicza Stra\u017c Po\u017carna w Sadownem<\/a><\/li>\n<li><a href=\"http:\/\/ospsokolka.cba.pl\/\" target=\"_blank\" rel=\"noopener noreferrer\">Ochotnicza Stra\u017c Po\u017carna w Sok\u00f3\u0142ce<\/a><\/li>\n<li><a href=\"http:\/\/ospzieleniec.pl\/\" target=\"_blank\" rel=\"noopener noreferrer\">Ochotnicza Stra\u017c Po\u017carna w Ziele\u0144cu<\/a><\/li>\n<li><a href=\"https:\/\/www.facebook.com\/OSP-Szynkarzyzna-1467414116896248\/\" target=\"_blank\" rel=\"noopener noreferrer\">Ochotnicza Stra\u017c Po\u017carna w Szynkarzy\u017anie<\/a><\/li>\n<li><a href=\"https:\/\/www.facebook.com\/OSP-Zalesie-1702617293295456\" target=\"_blank\" rel=\"noopener noreferrer\">Ochotnicza Stra\u017c Po\u017carna w Zalesiu<\/a><\/li>\n<li><a href=\"http:\/\/www.powiatwegrowski.pl\/\" target=\"_blank\" rel=\"noopener noreferrer\">Starostwo Powiatowe w W\u0119growie<\/a><\/li>\n<li><a href=\"http:\/\/www.kwp.radom.pl\/komenda-powiatowa-policji-w-wegrowie\" target=\"_blank\" rel=\"noopener noreferrer\">Komenda Powiatowa Policji w W\u0119growie<\/a><\/li>\n<li><a href=\"http:\/\/www.straz.wegrow.pl\/\" target=\"_blank\" rel=\"noopener noreferrer\">Komenda Powiatowa Pa\u0144stwowej Stra\u017cy Po\u017carnej w W\u0119growie<\/a><\/li>\n<li><a href=\"http:\/\/gloswegrowa.pl\/\" target=\"_blank\" rel=\"noopener noreferrer\">G\u0142os W\u0119growa i okolic<\/a><\/li>\n<li><a href=\"http:\/\/www.podlasie24.pl\/\" target=\"_blank\" rel=\"noopener noreferrer\">Podlasie24<\/a><\/li>\n<li><a href=\"http:\/\/www.tygodniksiedlecki.com\/\" target=\"_blank\" rel=\"noopener noreferrer\">Tygodnik Siedlecki<\/a><\/li>\n<li><a href=\"http:\/\/www.zyciesiedleckie.pl\/\" target=\"_blank\" rel=\"noopener noreferrer\">\u017bycie Siedleckie<\/a><\/li>\n<li><a href=\"http:\/\/grupapoetyckaiwa.pl\/\" target=\"_blank\" rel=\"noopener noreferrer\">Grupa poetycka IWA<\/a><\/li>\n<li><a href=\"http:\/\/www.gazetalochowska.pl\/\" target=\"_blank\" rel=\"noopener noreferrer\">Gazeta \u0141ochowska<\/a><\/li>\n<\/ul>\n<p>&nbsp;<\/p>\n","protected":false},"excerpt":{"rendered":"<p>Urz\u0105d Gminy Gminny O\u015brodek Kultury Gminna Biblioteka Publiczna Zak\u0142ad Gospodarki Komunalnej Zesp\u00f3\u0142 Szk\u00f3\u0142 Ponadpodstawowych Szko\u0142a Podstawowa im.\u00a0b\u0142. ks. E. Grzyma\u0142y Zesp\u00f3\u0142 Szkolno &#8211; Przedszkolny w Grabinach Niepubliczna Szko\u0142a Podstawowa w Ko\u0142odzi\u0105\u017cu Niepubliczna Szko\u0142a Podstawowa w Orze\u0142ku Parafia pw. \u015aw. Jana Chrzciciela &#8222;Wicher&#8221; Sadowne Ko\u0142o nr 27 PZW Ochotnicza Stra\u017c Po\u017carna w Sadownem Ochotnicza Stra\u017c Po\u017carna [&hellip;]<\/p>\n","protected":false},"author":1,"featured_media":0,"parent":0,"menu_order":8,"comment_status":"open","ping_status":"open","template":"","meta":{"footnotes":""},"class_list":["post-20","page","type-page","status-publish","hentry"],"_links":{"self":[{"href":"http:\/\/info.sadowne.pl\/index.php?rest_route=\/wp\/v2\/pages\/20","targetHints":{"allow":["GET"]}}],"collection":[{"href":"http:\/\/info.sadowne.pl\/index.php?rest_route=\/wp\/v2\/pages"}],"about":[{"href":"http:\/\/info.sadowne.pl\/index.php?rest_route=\/wp\/v2\/types\/page"}],"author":[{"embeddable":true,"href":"http:\/\/info.sadowne.pl\/index.php?rest_route=\/wp\/v2\/users\/1"}],"replies":[{"embeddable":true,"href":"http:\/\/info.sadowne.pl\/index.php?rest_route=%2Fwp%2Fv2%2Fcomments&post=20"}],"version-history":[{"count":36,"href":"http:\/\/info.sadowne.pl\/index.php?rest_route=\/wp\/v2\/pages\/20\/revisions"}],"predecessor-version":[{"id":21193,"href":"http:\/\/info.sadowne.pl\/index.php?rest_route=\/wp\/v2\/pages\/20\/revisions\/21193"}],"wp:attachment":[{"href":"http:\/\/info.sadowne.pl\/index.php?rest_route=%2Fwp%2Fv2%2Fmedia&parent=20"}],"curies":[{"name":"wp","href":"https:\/\/api.w.org\/{rel}","templated":true}]}}