{"id":361,"date":"2012-11-11T19:23:33","date_gmt":"2012-11-11T18:23:33","guid":{"rendered":"http:\/\/www.infosadowne.boo.pl\/?page_id=361"},"modified":"2015-12-28T16:39:26","modified_gmt":"2015-12-28T15:39:26","slug":"szkolnictwo-edukacja-2","status":"publish","type":"page","link":"http:\/\/info.sadowne.pl\/?page_id=361","title":{"rendered":"Szkolnictwo, edukacja"},"content":{"rendered":"<h3><img loading=\"lazy\" decoding=\"async\" class=\"aligncenter size-full wp-image-3337\" src=\"http:\/\/www.info.sadowne.pl\/wp-content\/uploads\/2012\/11\/splo1.jpg\" alt=\"O\" width=\"309\" height=\"232\" srcset=\"http:\/\/info.sadowne.pl\/wp-content\/uploads\/2012\/11\/splo1.jpg 309w, http:\/\/info.sadowne.pl\/wp-content\/uploads\/2012\/11\/splo1-300x225.jpg 300w\" sizes=\"auto, (max-width: 309px) 100vw, 309px\" \/><\/h3>\n<h3 style=\"text-align: center;\">Zesp\u00f3\u0142 Szk\u00f3\u0142 Ponadgimnazjalnych w Sadownem<\/h3>\n<p style=\"text-align: center;\">07-140 Sadowne, ul. Ko\u015bciuszki 74<\/p>\n<p style=\"text-align: center;\">tel\/fax. 25 6753 227, 25 6753 515<\/p>\n<p style=\"text-align: center;\">e-mail: <a href=\"mailto:lo-sadow@pnet.pl\">lo-sadow@pnet.pl<\/a><\/p>\n<p style=\"text-align: center;\"><a href=\"http:\/\/www.liceumsadowne.pl\">www.liceumsadowne.pl<\/a><\/p>\n<h3 style=\"text-align: center;\">Szko\u0142a Podstawowa im. Czes\u0142awa Wycecha w Sadownem<\/h3>\n<p style=\"text-align: center;\">07-140 Sadowne, ul. Ko\u015bciuszki 74<\/p>\n<p style=\"text-align: center;\">tel. 25 6753 238, fax. 25 6753 208<\/p>\n<p style=\"text-align: center;\">e-mail:\u00a0sp_sadowne@poczta.onet.pl<\/p>\n<p style=\"text-align: center;\"><a href=\"http:\/\/www.spsadowne.pl\" target=\"_blank\">www.spsadowne.pl<\/a><\/p>\n<p style=\"text-align: center;\">&#8230;&#8230;&#8230;&#8230;&#8230;&#8230;&#8230;&#8230;&#8230;&#8230;&#8230;&#8230;&#8230;&#8230;&#8230;&#8230;..<\/p>\n<p style=\"text-align: center;\"><img loading=\"lazy\" decoding=\"async\" class=\"aligncenter size-full wp-image-450\" src=\"http:\/\/www.info.sadowne.pl\/wp-content\/uploads\/2012\/11\/gimnazjum.jpg\" alt=\"gimnazjum\" width=\"310\" height=\"206\" srcset=\"http:\/\/info.sadowne.pl\/wp-content\/uploads\/2012\/11\/gimnazjum.jpg 310w, http:\/\/info.sadowne.pl\/wp-content\/uploads\/2012\/11\/gimnazjum-300x199.jpg 300w\" sizes=\"auto, (max-width: 310px) 100vw, 310px\" \/><\/p>\n<h3 style=\"text-align: center;\">Publiczne Gimnazjum im. b\u0142. ks. Edwarda Grzyma\u0142y w Sadownem<\/h3>\n<p style=\"text-align: center;\">07-140 Sadowne, ul. Ko\u015bciuszki 74a<\/p>\n<p style=\"text-align: center;\">tel. 25 6753 561, 25 6753 460<\/p>\n<p style=\"text-align: center;\">e-mail:\u00a0\u00a0<a href=\"mailto:gimsadowne@wp.pl\">gimsadowne@wp.pl<\/a><\/p>\n<p style=\"text-align: center;\"><a href=\"http:\/\/www.gimnazjumsadowne.pl\/index.php\/pl\/\" target=\"_blank\">www.gimnazjumsadowne.pl<\/a><\/p>\n<p style=\"text-align: center;\">&#8230;&#8230;&#8230;&#8230;&#8230;&#8230;&#8230;&#8230;&#8230;&#8230;&#8230;&#8230;&#8230;&#8230;&#8230;&#8230;..<\/p>\n<p style=\"text-align: center;\"><img loading=\"lazy\" decoding=\"async\" class=\"aligncenter size-full wp-image-3334\" src=\"http:\/\/www.info.sadowne.pl\/wp-content\/uploads\/2012\/11\/spgrabiny.jpg\" alt=\"spgrabiny\" width=\"323\" height=\"215\" srcset=\"http:\/\/info.sadowne.pl\/wp-content\/uploads\/2012\/11\/spgrabiny.jpg 323w, http:\/\/info.sadowne.pl\/wp-content\/uploads\/2012\/11\/spgrabiny-300x199.jpg 300w\" sizes=\"auto, (max-width: 323px) 100vw, 323px\" \/><\/p>\n<h3 style=\"text-align: center;\">Zesp\u00f3\u0142 Szkolno &#8211; Przedszkolny w Grabinach<\/h3>\n<p style=\"text-align: center;\">Grabiny 11, 07-140 Sadowne<\/p>\n<p style=\"text-align: center;\">tel. 28 6758 221<\/p>\n<p style=\"text-align: center;\">e-mail: <a href=\"mailto:spgrabiny11@wp.pl\">spgrabiny11[at]w<\/a>p.pl<\/p>\n<p style=\"text-align: center;\"><a href=\"http:\/\/zspgrabiny.pl\/\" target=\"_blank\">www.zspgrabiny.pl<\/a><\/p>\n<p style=\"text-align: center;\">&#8230;&#8230;&#8230;&#8230;&#8230;&#8230;&#8230;&#8230;&#8230;&#8230;&#8230;&#8230;&#8230;&#8230;&#8230;&#8230;&#8230;<\/p>\n<p style=\"text-align: center;\"><img loading=\"lazy\" decoding=\"async\" class=\"aligncenter size-full wp-image-3335\" src=\"http:\/\/www.info.sadowne.pl\/wp-content\/uploads\/2012\/11\/spkolodziaz.jpg\" alt=\"spkolodziaz\" width=\"314\" height=\"210\" srcset=\"http:\/\/info.sadowne.pl\/wp-content\/uploads\/2012\/11\/spkolodziaz.jpg 314w, http:\/\/info.sadowne.pl\/wp-content\/uploads\/2012\/11\/spkolodziaz-300x200.jpg 300w\" sizes=\"auto, (max-width: 314px) 100vw, 314px\" \/><\/p>\n<h3 style=\"text-align: center;\">Niepubliczna Szko\u0142a Podstawowa im. Janusza Korczaka<\/h3>\n<h3 style=\"text-align: center;\">w Ko\u0142odzi\u0105\u017cu<\/h3>\n<p style=\"text-align: center;\">Ko\u0142odzi\u0105\u017c 82, 07-140 Sadowne<\/p>\n<p style=\"text-align: center;\">tel. 25 6753 212<\/p>\n<p style=\"text-align: center;\">e-mail:\u00a0<a href=\"mailto:spkolodziaz@gmail.com\">spkolodziaz@gmail.com<\/a><\/p>\n<p style=\"text-align: center;\"><a href=\"http:\/\/www.spkolodziaz.szkolnastrona.pl\" target=\"_blank\">www.spkolodziaz.szkolnastrona.pl<\/a><\/p>\n<p style=\"text-align: center;\">&#8230;&#8230;&#8230;&#8230;&#8230;&#8230;&#8230;&#8230;&#8230;&#8230;&#8230;&#8230;&#8230;&#8230;&#8230;&#8230;..<\/p>\n<p style=\"text-align: center;\"><img loading=\"lazy\" decoding=\"async\" class=\"aligncenter size-full wp-image-3336\" src=\"http:\/\/www.info.sadowne.pl\/wp-content\/uploads\/2012\/11\/sporzelek.jpg\" alt=\"&lt;\" width=\"308\" height=\"231\" srcset=\"http:\/\/info.sadowne.pl\/wp-content\/uploads\/2012\/11\/sporzelek.jpg 308w, http:\/\/info.sadowne.pl\/wp-content\/uploads\/2012\/11\/sporzelek-300x225.jpg 300w\" sizes=\"auto, (max-width: 308px) 100vw, 308px\" \/><\/p>\n<h3 style=\"text-align: center;\">Niepubliczna Szko\u0142a Podstawowa w Orze\u0142ku<\/h3>\n<p style=\"text-align: center;\">Orze\u0142ek 13, 07-140 Sadowne<\/p>\n<p style=\"text-align: center;\">tel. 29 7461 629<\/p>\n<p style=\"text-align: center;\"><a href=\"http:\/\/www.sporzelek.szkolnastrona.pl\/\" target=\"_blank\">www.sporzelek.szkolnastrona.pl<\/a><\/p>\n<p style=\"text-align: center;\">e-mail: sporzelek@vp.pl<\/p>\n<p style=\"text-align: center;\">&#8230;&#8230;&#8230;&#8230;&#8230;&#8230;&#8230;&#8230;&#8230;&#8230;&#8230;&#8230;&#8230;&#8230;&#8230;&#8230;.<\/p>\n<p style=\"text-align: center;\"><img loading=\"lazy\" decoding=\"async\" class=\"aligncenter size-full wp-image-453\" src=\"http:\/\/www.info.sadowne.pl\/wp-content\/uploads\/2012\/11\/przedszkole.jpg\" alt=\"przedszkole\" width=\"311\" height=\"233\" srcset=\"http:\/\/info.sadowne.pl\/wp-content\/uploads\/2012\/11\/przedszkole.jpg 311w, http:\/\/info.sadowne.pl\/wp-content\/uploads\/2012\/11\/przedszkole-300x224.jpg 300w\" sizes=\"auto, (max-width: 311px) 100vw, 311px\" \/><\/p>\n<h3 style=\"text-align: center;\">Przedszkole w Sadownem<\/h3>\n<p style=\"text-align: center;\">07-140 Sadowne, ul. Plac Ko\u015bcielny 8<\/p>\n<p style=\"text-align: center;\">tel. 25 6753 200<\/p>\n<p style=\"text-align: center;\">&#8230;&#8230;&#8230;&#8230;&#8230;&#8230;&#8230;&#8230;&#8230;&#8230;&#8230;&#8230;&#8230;&#8230;&#8230;&#8230;..<\/p>\n","protected":false},"excerpt":{"rendered":"<p>Zesp\u00f3\u0142 Szk\u00f3\u0142 Ponadgimnazjalnych w Sadownem 07-140 Sadowne, ul. Ko\u015bciuszki 74 tel\/fax. 25 6753 227, 25 6753 515 e-mail: lo-sadow@pnet.pl www.liceumsadowne.pl Szko\u0142a Podstawowa im. Czes\u0142awa Wycecha w Sadownem 07-140 Sadowne, ul. Ko\u015bciuszki 74 tel. 25 6753 238, fax. 25 6753 208 e-mail:\u00a0sp_sadowne@poczta.onet.pl www.spsadowne.pl &#8230;&#8230;&#8230;&#8230;&#8230;&#8230;&#8230;&#8230;&#8230;&#8230;&#8230;&#8230;&#8230;&#8230;&#8230;&#8230;.. Publiczne Gimnazjum im. b\u0142. ks. Edwarda Grzyma\u0142y w Sadownem 07-140 Sadowne, ul. [&hellip;]<\/p>\n","protected":false},"author":1,"featured_media":0,"parent":13,"menu_order":3,"comment_status":"open","ping_status":"open","template":"","meta":{"footnotes":""},"class_list":["post-361","page","type-page","status-publish","hentry"],"_links":{"self":[{"href":"http:\/\/info.sadowne.pl\/index.php?rest_route=\/wp\/v2\/pages\/361","targetHints":{"allow":["GET"]}}],"collection":[{"href":"http:\/\/info.sadowne.pl\/index.php?rest_route=\/wp\/v2\/pages"}],"about":[{"href":"http:\/\/info.sadowne.pl\/index.php?rest_route=\/wp\/v2\/types\/page"}],"author":[{"embeddable":true,"href":"http:\/\/info.sadowne.pl\/index.php?rest_route=\/wp\/v2\/users\/1"}],"replies":[{"embeddable":true,"href":"http:\/\/info.sadowne.pl\/index.php?rest_route=%2Fwp%2Fv2%2Fcomments&post=361"}],"version-history":[{"count":18,"href":"http:\/\/info.sadowne.pl\/index.php?rest_route=\/wp\/v2\/pages\/361\/revisions"}],"predecessor-version":[{"id":10828,"href":"http:\/\/info.sadowne.pl\/index.php?rest_route=\/wp\/v2\/pages\/361\/revisions\/10828"}],"up":[{"embeddable":true,"href":"http:\/\/info.sadowne.pl\/index.php?rest_route=\/wp\/v2\/pages\/13"}],"wp:attachment":[{"href":"http:\/\/info.sadowne.pl\/index.php?rest_route=%2Fwp%2Fv2%2Fmedia&parent=361"}],"curies":[{"name":"wp","href":"https:\/\/api.w.org\/{rel}","templated":true}]}}